{"id":498,"date":"2023-02-08T17:41:05","date_gmt":"2023-02-08T16:41:05","guid":{"rendered":"https:\/\/www.quantumbw.de\/?page_id=498"},"modified":"2024-05-24T10:33:58","modified_gmt":"2024-05-24T08:33:58","slug":"impressum-datenschutz","status":"publish","type":"page","link":"https:\/\/www.quantumbw.de\/de\/the-laend-of-quantum-technology-home\/impressum-datenschutz\/","title":{"rendered":"Impres\u00adsum &amp; Datenschutz"},"content":{"rendered":"<div class=\"wpb-content-wrapper\">[vc_row][vc_column][module_free_text spacebefore=\u201cspacebefore\u2011m\u201d spaceafter=\u201cspaceafter\u2011m\u201d indentbefore=\u201cindentbefore-xs\u201d indentafter=\u201cindentafter\u2011m\u201d bgcolor=\u201d\u201d module\u00adef\u00adfect=\u201c\u201d]\n<h1><span class=\"font-size-m\">Impres\u00adsum &amp; Datenschutz<\/span><\/h1>\n<h2><span class=\"font-size-s\">Verant\u00adwortlich f\u00fcr diese Website sind<\/span><\/h2>\n<p class=\"paragraph\">Fraunhofer-Institut f\u00fcr Arbeitswirtschaft und Organ\u00adi\u00adsa\u00adtion IAO,<br class=\"linebreak\">Nobel\u00adstr. 12,<br class=\"linebreak\">70569 Stuttgart<\/p>\n<p class=\"paragraph\">und<\/p>\n<p class=\"paragraph\">Fraunhofer-Institut f\u00fcr Angewandte Festk\u00f6r\u00adper\u00adphysik IAF,<br class=\"linebreak\">Tullas\u00adtra\u00dfe 72,<br class=\"linebreak\">79108 Freiburg<\/p>\n<p class=\"paragraph\">als rechtlich nicht selbst\u00e4ndi\u00adgen Einrich\u00adtun\u00adgen der Fraunhofer-Gesellschaft zur F\u00f6rderung der angewandten Forschung e.V.<\/p>\n[\/module_free_text][\/vc_column][\/vc_row][vc_row][vc_column][module_free_text spacebefore=\u201cspacebefore-none\u201d spaceafter=\u201cspaceafter\u2011m\u201d indentbefore=\u201cindentbefore-xs\u201d indentafter=\u201cindentafter\u2011m\u201d bgcolor=\u201d\u201d module\u00adef\u00adfect=\u201c\u201d]\n<h2><span class=\"font-size-s font-color-dark\">Fotos<\/span><\/h2>\n<p class=\"paragraph\">IQST<\/p>\n<p class=\"paragraph\">Heiko Grandel (Wissen\u00adschaft \u2013 Grandel-Werbefotografie) <br class=\"linebreak\">Fraunhofer IAF<\/p>\n[\/module_free_text][\/vc_column][\/vc_row][vc_row][vc_column][module_free_text spacebefore=\u201cspacebefore-none\u201d spaceafter=\u201cspaceafter\u2011m\u201d indentbefore=\u201cindentbefore-xs\u201d indentafter=\u201cindentafter\u2011m\u201d bgcolor=\u201d\u201d module\u00adef\u00adfect=\u201c\u201d]\n<h2 class=\"font-size-s\"><span class=\"font-size-s\">Verant\u00adwortliche Redakteure<\/span><\/h2>\n<p class=\"paragraph\">Chiara Stephan, chiara.stephan@iao.fraunhofer.de\nLukas K\u00fcbler, lukas.kuebler@iaf.fraunhofer.de<\/p>\n<p class=\"paragraph\">Die Fraunhofer Insti\u00adtute IAO und IAF sind f\u00fcr die Fraunhofer-Gesellschaft gemein\u00adsam mit dem Center for Integrated Quantum Science and Technol\u00adogy&nbsp;<a href=\"https:\/\/www.iwst.org\/\" target=\"_blank\" rel=\"noopener\">IQST<\/a>&nbsp;im Auftrag des Minis\u00adteri\u00adums f\u00fcr Wissen\u00adschaft, Forschung und Kunst Baden-W\u00fcrttemberg sowie des Minis\u00adteri\u00adums f\u00fcr Wirtschaft, Arbeit und Touris\u00admus Baden-W\u00fcrttemberg an der Gesch\u00e4fts\u00adstelle Quantum<sup>BW<\/sup>&nbsp;beteiligt und k\u00fcmmern sich um die Website.<\/p>\n[\/module_free_text][\/vc_column][\/vc_row][vc_row][vc_column][module_free_text spacebefore=\u201cspacebefore-none\u201d spaceafter=\u201cspaceafter\u2011m\u201d indentbefore=\u201cindentbefore-xs\u201d indentafter=\u201cindentafter\u2011m\u201d bgcolor=\u201d\u201d module\u00adef\u00adfect=\u201c\u201d]\n<h2 class=\"font-size-s\">Rechtlich verant\u00adwortlich ist<\/h2>\n<p class=\"paragraph\">Fraunhofer-Gesellschaft<br class=\"linebreak\">zur F\u00f6rderung der angewandten Forschung e.V.<br class=\"linebreak\">Hansas\u00adtra\u00dfe 27 c<br class=\"linebreak\">80686 M\u00fcnchen<br class=\"linebreak\">Inter\u00adnet: www.fraunhofer.de<br class=\"linebreak\">E\u2011Mail: info(at)zv.fraunhofer.de<\/p>\n<p class=\"paragraph\">Umsatzsteuer-Identifikationsnummer gem\u00e4\u00df \u00a7 27&nbsp;a<br class=\"linebreak\">Umsatzs\u00adteuerge\u00adsetz: DE 129515865<\/p>\n<p class=\"paragraph\">Regis\u00adterg\u00adericht<br class=\"linebreak\">Amtsgericht M\u00fcnchen<br class=\"linebreak\">Einge\u00adtra\u00adgener Verein<br class=\"linebreak\">Register-Nr. VR&nbsp;4461<\/p>\n[\/module_free_text][\/vc_column][\/vc_row][vc_row][vc_column][module_free_text spacebefore=\u201cspacebefore-none\u201d spaceafter=\u201cspaceafter\u2011m\u201d indentbefore=\u201cindentbefore-xs\u201d indentafter=\u201cindentafter\u2011m\u201d bgcolor=\u201d\u201d module\u00adef\u00adfect=\u201c\u201d]\n<h2><span class=\"font-size-s\">Vorstand<\/span><\/h2>\nProf. Dr.-Ing. Holger Hanselka | Pr\u00e4si\u00addent<br class=\"linebreak\">Ass. jur. Elisa\u00adbeth Ewen | Mitglied des Vorstands<br class=\"linebreak\">Dr. rer. pol. Sandra Krey | Mitglied des Vorstands<br class=\"linebreak\">Prof. Dr. rer. nat. habil. Axel M\u00fcller-Groeling | Mitglied des Vorstands\n\n[\/module_free_text][\/vc_column][\/vc_row][vc_row][vc_column][module_free_text spacebefore=\u201cspacebefore-none\u201d spaceafter=\u201cspaceafter\u2011m\u201d indentbefore=\u201cindentbefore-xs\u201d indentafter=\u201cindentafter\u2011m\u201d bgcolor=\u201d\u201d module\u00adef\u00adfect=\u201c\u201d]\n<h2><span class=\"font-size-s\">Nutzungsrechte<\/span><\/h2>\n<p class=\"paragraph\">\u00a9 Fraunhofer-Gesellschaft e.V., M\u00fcnchen<\/p>\n<p class=\"paragraph\">Alle Rechte vorbe\u00adhal\u00adten. <br class=\"linebreak\">Die Urheber\u00adrechte dieser Webseite liegen vollst\u00e4ndig bei der Fraunhofer-Gesellschaft.<\/p>\n<p class=\"paragraph\">Ein Download oder Ausdruck dieser Ver\u00f6f\u00adfentlichun\u00adgen ist ausschlie\u00dflich f\u00fcr den pers\u00f6n\u00adlichen Gebrauch gestat\u00adtet. Alle dar\u00fcber hinaus gehen\u00adden Verwen\u00addun\u00adgen, insbeson\u00addere die kommerzielle Nutzung und Verbre\u00aditung, sind grund\u00ads\u00e4t\u00adzlich nicht gestat\u00adtet und bed\u00fcr\u00adfen der schriftlichen Genehmigung.<\/p>\n<p class=\"paragraph\">Ein Download oder Ausdruck ist dar\u00fcber hinaus lediglich zum Zweck der Berichter\u00adstat\u00adtung \u00fcber die Fraunhofer-Gesellschaft und ihrer Insti\u00adtute nach Ma\u00dfgabe unten\u00adste\u00adhen\u00adder Nutzungs\u00adbe\u00addin\u00adgun\u00adgen gestattet:<\/p>\nGrafis\u00adche Ver\u00e4n\u00adderun\u00adgen an Bildmo\u00adtiven \u2014 au\u00dfer zum Freis\u00adtellen des Haupt\u00admo\u00adtivs \u2014 sind nicht gestat\u00adtet. Es ist stets die Quellenangabe und \u00dcbersendung von zwei kosten\u00adlosen Belegex\u00adem\u00adplaren an die oben genan\u00adnte Adresse erforder\u00adlich. Die Verwen\u00addung ist honorar\u00adfrei.\n\n[\/module_free_text][\/vc_column][\/vc_row][vc_row][vc_column][module_free_text spacebefore=\u201cspacebefore-none\u201d spaceafter=\u201cspaceafter\u2011m\u201d indentbefore=\u201cindentbefore-xs\u201d indentafter=\u201cindentafter\u2011m\u201d bgcolor=\u201d\u201d module\u00adef\u00adfect=\u201c\u201d]\n<h2><span class=\"font-size-s\">Haftung\u00adsh\u00adin\u00adweis<\/span><\/h2>\n<p class=\"paragraph\">Wir \u00fcbernehmen keine Haftung f\u00fcr die Inhalte externer Links. F\u00fcr den Inhalt der verlink\u00adten Seiten sind ausschlie\u00dflich deren Betreiber verantwortlich.<\/p>\n<p class=\"paragraph\">Wir sind bem\u00fcht, das Webange\u00adbot stets aktuell und inhaltlich richtig sowie vollst\u00e4ndig anzubi\u00adeten. Dennoch ist das Auftreten von Fehlern nicht v\u00f6llig auszuschlie\u00dfen. Das Fraunhofer-Institut bzw. die Fraunhofer-Gesellschaft \u00fcbern\u00adimmt keine Haftung f\u00fcr die Aktual\u00adit\u00e4t, die inhaltliche Richtigkeit sowie f\u00fcr die Vollst\u00e4ndigkeit der in ihrem Webange\u00adbot eingestell\u00adten Infor\u00adma\u00adtio\u00adnen. Dies bezieht sich auf eventuelle Sch\u00e4den materieller oder ideeller Art Dritter, die durch die Nutzung dieses Webange\u00adbotes verur\u00adsacht wurden.<\/p>\nGesch\u00fctzte Marken und Namen, Bilder und Texte werden auf unseren Seiten in der Regel nicht als solche kenntlich gemacht. Das Fehlen einer solchen Kennze\u00adich\u00adnung bedeutet jedoch nicht, dass es sich um einen freien Namen, ein freies Bild oder einen freien Text im Sinne des Marken\u00adze\u00adichen\u00adrechts handelt.\n\n[\/module_free_text][\/vc_column][\/vc_row][vc_row][vc_column][module_free_text spacebefore=\u201cspacebefore-none\u201d spaceafter=\u201cspaceafter\u2011s\u201d indentbefore=\u201cindentbefore-xs\u201d indentafter=\u201cindentafter\u2011m\u201d bgcolor=\u201d\u201d module\u00adef\u00adfect=\u201c\u201d]\n<h2 class=\"font-size-s\"><span class=\"font-size-s\">Webanalyse\/Tracking via Matomo<\/span><\/h2>\n<p class=\"paragraph\">Wir setzen auf unserer Webseite den Open-Source-Dienst Matomo by InnoCraft Ltd aus Neusee\u00adland ein, um das Nutzerver\u00adhal\u00adten bei Besuch unserer Seite zu analysieren und unsere Seite und deren Inhalte entsprechend darauf basierend zu optimieren. Dabei erhal\u00adten wir keine Infor\u00adma\u00adtio\u00adnen, die Sie unmit\u00adtel\u00adbar identifizieren.<\/p>\n<p class=\"paragraph\">Im Zusam\u00admen\u00adhang mit dem Einsatz von Matomo werden Cookies einge\u00adsetzt, die eine statis\u00adtis\u00adche Analyse der Nutzung dieser Website durch Ihre Besuche erm\u00f6glichen. In dem Cookie werden Infor\u00adma\u00adtio\u00adnen \u2013 einschlie\u00dflich perso\u00adn\u00aden\u00adbe\u00adzo\u00adgener Infor\u00adma\u00adtio\u00adnen \u2011zu Ihrem Besucherver\u00adhal\u00adten abgelegt und unter Verwen\u00addung eines Pseudo\u00adnyms in einem Nutzung\u00adspro\u00adfil zum Zwecke der Analyse verar\u00adbeitet. Da Matomo auf unseren eigenen Server gehostet wird, ist f\u00fcr die Analyse eine Verar\u00adbeitung durch Dritte nicht erforderlich.<\/p>\n<p class=\"paragraph\">Die dabei gewonnenen Daten werden ohne Ihre geson\u00addert erteilte Zustim\u00admung nicht benutzt, um Sie pers\u00f6n\u00adlich zu identi\u00adfizieren und die Daten werden nicht mit perso\u00adn\u00aden\u00adbe\u00adzo\u00adge\u00adnen Daten \u00fcber Sie als Tr\u00e4ger des Pseudo\u00adnyms zusam\u00admenge\u00adf\u00fchrt. Soweit IP-Adressen erhoben werden, werden diese unverz\u00fcglich nach Erhebung durch L\u00f6schen des letzten Nummern\u00adblocks anonymisiert. Weitere perso\u00adn\u00aden\u00adbe\u00adzo\u00adgene Daten in dem Cookie werden nach 365 Tagen gel\u00f6scht.<\/p>\n<p class=\"paragraph\">Die Daten\u00adver\u00adar\u00adbeitung erfolgt auf Grund unseres berechtigten Inter\u00adesses gem\u00e4\u00df Art. 6 Abs.1 lit. f DSGVO an der Optimierung unseres Online-Angebotes und unseres Webauftritts<\/p><\/div>","protected":false},"excerpt":{"rendered":"[vc_row][vc_column][module_free_text spacebefore=\u201cspacebefore\u2011m\u201d spaceafter=\u201cspaceafter\u2011m\u201d indentbefore=\u201cindentbefore-xs\u201d indentafter=\u201cindentafter\u2011m\u201d bgcolor=\u201d\u201d module\u00adef\u00adfect=\u201c\u201d] Impres\u00adsum &amp; Daten\u00adschutz Verant\u00adwortlich f\u00fcr diese Website sind Fraunhofer-Institut f\u00fcr Arbeitswirtschaft und Organ\u00adi\u00adsa\u00adtion IAO,Nobel\u00adstr. 12,70569 Stuttgart und Fraunhofer-Institut f\u00fcr Angewandte Festk\u00f6r\u00adper\u00adphysik IAF,Tullas\u00adtra\u00dfe 72,79108 Freiburg als rechtlich nicht selbst\u00e4ndi\u00adgen Einrich\u00adtun\u00adgen der Fraunhofer-Gesellschaft zur F\u00f6rderung der angewandten Forschung e.V. [\/module_free_text][\/vc_column][\/vc_row][vc_row][vc_column][module_free_text spacebefore=\u201cspacebefore-none\u201d spaceafter=\u201cspaceafter\u2011m\u201d indentbefore=\u201cindentbefore-xs\u201d indentafter=\u201cindentafter\u2011m\u201d bgcolor=\u201d\u201d module\u00adef\u00adfect=\u201c\u201d] Fotos IQST Heiko Grandel&nbsp;[\u2026]","protected":false},"author":1,"featured_media":0,"parent":2127,"menu_order":0,"comment_status":"closed","ping_status":"closed","template":"page-white.php","meta":{"_acf_changed":false,"inline_featured_image":false,"wp_typography_post_enhancements_disabled":false,"footnotes":""},"class_list":["post-498","page","type-page","status-publish","hentry"],"acf":[],"_links":{"self":[{"href":"https:\/\/www.quantumbw.de\/de\/wp-json\/wp\/v2\/pages\/498","targetHints":{"allow":["GET"]}}],"collection":[{"href":"https:\/\/www.quantumbw.de\/de\/wp-json\/wp\/v2\/pages"}],"about":[{"href":"https:\/\/www.quantumbw.de\/de\/wp-json\/wp\/v2\/types\/page"}],"author":[{"embeddable":true,"href":"https:\/\/www.quantumbw.de\/de\/wp-json\/wp\/v2\/users\/1"}],"replies":[{"embeddable":true,"href":"https:\/\/www.quantumbw.de\/de\/wp-json\/wp\/v2\/comments?post=498"}],"version-history":[{"count":61,"href":"https:\/\/www.quantumbw.de\/de\/wp-json\/wp\/v2\/pages\/498\/revisions"}],"predecessor-version":[{"id":1735,"href":"https:\/\/www.quantumbw.de\/de\/wp-json\/wp\/v2\/pages\/498\/revisions\/1735"}],"up":[{"embeddable":true,"href":"https:\/\/www.quantumbw.de\/de\/wp-json\/wp\/v2\/pages\/2127"}],"wp:attachment":[{"href":"https:\/\/www.quantumbw.de\/de\/wp-json\/wp\/v2\/media?parent=498"}],"curies":[{"name":"wp","href":"https:\/\/api.w.org\/{rel}","templated":true}]}}